{"version":"1.0","provider_name":"DANSOM\u00c8TRE - espace de cr\u00e9ation chor\u00e9graphique - VEVEY","provider_url":"https:\/\/www.dansometre.ch\/en\/","title":"Compagnie du 17 Juin - Faustine Moret - DANSOM\u00c8TRE - espace de cr\u00e9ation chor\u00e9graphique - VEVEY","type":"rich","width":600,"height":338,"html":"<blockquote class=\"wp-embedded-content\" data-secret=\"PjQ7mmrv9R\"><a href=\"https:\/\/www.dansometre.ch\/en\/residences\/serie3\/compagnie-du-17-juin-faustine-moret\/\">Compagnie du 17 Juin &#8211; Faustine Moret<\/a><\/blockquote><iframe sandbox=\"allow-scripts\" security=\"restricted\" src=\"https:\/\/www.dansometre.ch\/en\/residences\/serie3\/compagnie-du-17-juin-faustine-moret\/embed\/#?secret=PjQ7mmrv9R\" width=\"600\" height=\"338\" title=\"&#8220;Compagnie du 17 Juin &#8211; Faustine Moret&#8221; &#8212; DANSOM\u00c8TRE - espace de cr\u00e9ation chor\u00e9graphique - VEVEY\" data-secret=\"PjQ7mmrv9R\" frameborder=\"0\" marginwidth=\"0\" marginheight=\"0\" scrolling=\"no\" class=\"wp-embedded-content\"><\/iframe><script>\n\/*! This file is auto-generated *\/\n!function(d,l){\"use strict\";l.querySelector&&d.addEventListener&&\"undefined\"!=typeof URL&&(d.wp=d.wp||{},d.wp.receiveEmbedMessage||(d.wp.receiveEmbedMessage=function(e){var t=e.data;if((t||t.secret||t.message||t.value)&&!\/[^a-zA-Z0-9]\/.test(t.secret)){for(var s,r,n,a=l.querySelectorAll('iframe[data-secret=\"'+t.secret+'\"]'),o=l.querySelectorAll('blockquote[data-secret=\"'+t.secret+'\"]'),c=new RegExp(\"^https?:$\",\"i\"),i=0;i<o.length;i++)o[i].style.display=\"none\";for(i=0;i<a.length;i++)s=a[i],e.source===s.contentWindow&&(s.removeAttribute(\"style\"),\"height\"===t.message?(1e3<(r=parseInt(t.value,10))?r=1e3:~~r<200&&(r=200),s.height=r):\"link\"===t.message&&(r=new URL(s.getAttribute(\"src\")),n=new URL(t.value),c.test(n.protocol))&&n.host===r.host&&l.activeElement===s&&(d.top.location.href=t.value))}},d.addEventListener(\"message\",d.wp.receiveEmbedMessage,!1),l.addEventListener(\"DOMContentLoaded\",function(){for(var e,t,s=l.querySelectorAll(\"iframe.wp-embedded-content\"),r=0;r<s.length;r++)(t=(e=s[r]).getAttribute(\"data-secret\"))||(t=Math.random().toString(36).substring(2,12),e.src+=\"#?secret=\"+t,e.setAttribute(\"data-secret\",t)),e.contentWindow.postMessage({message:\"ready\",secret:t},\"*\")},!1)))}(window,document);\n\/\/# sourceURL=https:\/\/www.dansometre.ch\/wp-includes\/js\/wp-embed.min.js\n<\/script>\n","thumbnail_url":"https:\/\/www.dansometre.ch\/wp-content\/uploads\/DANSOMETRE_1080x1080px_11-1024x1024.jpg","thumbnail_width":1024,"thumbnail_height":1024,"description":"Avec Abadir, du nom d\u2019une m\u00e9t\u00e9orite d\u00e9vor\u00e9e par le dieu Saturne\ufe0e, je plonge dans une th\u00e9matique \u00e0 la fois vaste et intime en remontant dans mes souvenirs d\u2019enfance et mes exp\u00e9riences de jeunesse. J\u2019aimerais aussi approfondir mon cheminement cr\u00e9atif en m\u2019aidant de techniques surr\u00e9alistes et dada\u00efstes, qui font \u00e9cho \u00e0 ma mani\u00e8re intuitive de travailler, [&hellip;]"}