{"version":"1.0","provider_name":"DANSOM\u00c8TRE - espace de cr\u00e9ation chor\u00e9graphique - VEVEY","provider_url":"https:\/\/www.dansometre.ch\/en\/","title":"Compagnie Spleen - DANSOM\u00c8TRE - espace de cr\u00e9ation chor\u00e9graphique - VEVEY","type":"rich","width":600,"height":338,"html":"<blockquote class=\"wp-embedded-content\" data-secret=\"Cscjl8Calj\"><a href=\"https:\/\/www.dansometre.ch\/en\/residences\/serie7\/compagnie-spleen\/\">Compagnie Spleen<\/a><\/blockquote><iframe sandbox=\"allow-scripts\" security=\"restricted\" src=\"https:\/\/www.dansometre.ch\/en\/residences\/serie7\/compagnie-spleen\/embed\/#?secret=Cscjl8Calj\" width=\"600\" height=\"338\" title=\"&#8220;Compagnie Spleen&#8221; &#8212; DANSOM\u00c8TRE - espace de cr\u00e9ation chor\u00e9graphique - VEVEY\" data-secret=\"Cscjl8Calj\" frameborder=\"0\" marginwidth=\"0\" marginheight=\"0\" scrolling=\"no\" class=\"wp-embedded-content\"><\/iframe><script>\n\/*! This file is auto-generated *\/\n!function(d,l){\"use strict\";l.querySelector&&d.addEventListener&&\"undefined\"!=typeof URL&&(d.wp=d.wp||{},d.wp.receiveEmbedMessage||(d.wp.receiveEmbedMessage=function(e){var t=e.data;if((t||t.secret||t.message||t.value)&&!\/[^a-zA-Z0-9]\/.test(t.secret)){for(var s,r,n,a=l.querySelectorAll('iframe[data-secret=\"'+t.secret+'\"]'),o=l.querySelectorAll('blockquote[data-secret=\"'+t.secret+'\"]'),c=new RegExp(\"^https?:$\",\"i\"),i=0;i<o.length;i++)o[i].style.display=\"none\";for(i=0;i<a.length;i++)s=a[i],e.source===s.contentWindow&&(s.removeAttribute(\"style\"),\"height\"===t.message?(1e3<(r=parseInt(t.value,10))?r=1e3:~~r<200&&(r=200),s.height=r):\"link\"===t.message&&(r=new URL(s.getAttribute(\"src\")),n=new URL(t.value),c.test(n.protocol))&&n.host===r.host&&l.activeElement===s&&(d.top.location.href=t.value))}},d.addEventListener(\"message\",d.wp.receiveEmbedMessage,!1),l.addEventListener(\"DOMContentLoaded\",function(){for(var e,t,s=l.querySelectorAll(\"iframe.wp-embedded-content\"),r=0;r<s.length;r++)(t=(e=s[r]).getAttribute(\"data-secret\"))||(t=Math.random().toString(36).substring(2,12),e.src+=\"#?secret=\"+t,e.setAttribute(\"data-secret\",t)),e.contentWindow.postMessage({message:\"ready\",secret:t},\"*\")},!1)))}(window,document);\n\/\/# sourceURL=https:\/\/www.dansometre.ch\/wp-includes\/js\/wp-embed.min.js\n<\/script>\n","thumbnail_url":"https:\/\/www.dansometre.ch\/wp-content\/uploads\/DANSOMETRE_SERIE_7_1080x1080px_09.08.2024_OK2_def.jpg","thumbnail_width":1080,"thumbnail_height":1080,"description":"Et s\u2019il \u00e9tait temps de nous \u00e9couter ? De sentir ces oscillations \u00e9manant au plus profond de notre \u00eatre. Port\u00e9e par deux danseurs.es interpr\u00e8tes, \u00ab Vibrations \u00bb, nous invite a\u0300 une re.connexion \u00e9motionnelle. D\u2019une approche h\u00e9sitante, les corps cherchent a\u0300 renverser les limites. Chahut\u00e9s par la complexit\u00e9\u0301 des sensations, ils doivent trouver leur cheminement dans [&hellip;]"}